{"id":517,"date":"2024-04-09T21:28:54","date_gmt":"2024-04-09T19:28:54","guid":{"rendered":"https:\/\/bonitosound.com\/home\/"},"modified":"2024-10-25T11:49:04","modified_gmt":"2024-10-25T09:49:04","slug":"home","status":"publish","type":"page","link":"https:\/\/bonitosound.com\/ca\/","title":{"rendered":"Home"},"content":{"rendered":"<script>\njQuery( document ).ready(function() {\n    var swiper = new Swiper(\".hero-slide\", {\n        direction: \"horizontal\",\n        breakpoints: {\n            992: {\n                direction: \"vertical\",\n            },\n        },\n        pagination: {\n            el: \".swiper-pagination\",\n            clickable: true,\n        },\n                    autoplay: {\n                delay: 6000,\n                disableOnInteraction: false\n            },\n            });\n});\n<\/script>\n\n<section class=\"ct-section\">\n    <div class=\"ct-section-inner-wrap\" style=\"max-width: 100%; padding-top: 0; padding-right: 0; padding-bottom: 0; padding-left: 0;\">\n        <div class=\"swiper hero-slide w-full\">\n            <div class=\"swiper-wrapper\">\n            \t                                <div class=\"ct-div-block swiper-slide w-full h-full hero-bg-position\" style=\"background-image: url(https:\/\/bonitosound.com\/wp-content\/uploads\/2024\/10\/FINAL-DE-DIRECTE-scaled.jpg); background-size: cover; background-repeat: no-repeat;\n                                                    --overlay-bg-color1:rgba(221, 221, 221, 0);                                                                            --overlay-bg-color2:rgb(30, 115, 190);                                            \">\n                        <div class=\"overlay\"><\/div>\n                        <div class=\"ct-div-block my-auto lg-centered p-page max-w-5xl hero-slide-text-wrapper\">\n                                                                                                <h2 class=\"ct-headline text-8xl sm-text-7xl font-semibold mb-6\" style=\"color: #FFFFFF;\">\n                                        Bonito Sound                                    <\/h2>\n                                                                                                                        <div class=\"ct-text-block color-white mb-6\"><p><strong>Guiant talent, construint projectes.<\/strong><\/p>\n<\/div>\n                                                                                    <a aria-label=\"\t                            Anar a la p\u00e0gina de contacte                                \" id=\"link_text-10-93\" class=\"ct-link-text button-m\" href=\"https:\/\/bonitosound.com\/ca\/contacto\/\" style=\"\n                                                                    background:#ffb703;                                                                                                    color:#ffffff;                                                            \" target=\"_self\">Saber m\u00e9s<\/a>\n                                                    <\/div>\n                    <\/div>\n                                    <div class=\"ct-div-block swiper-slide w-full h-full hero-bg-position\" style=\"background-image: url(https:\/\/bonitosound.com\/wp-content\/uploads\/2024\/04\/DJ-Natura-scaled.jpg); background-size: cover; background-repeat: no-repeat;\n                                                    --overlay-bg-color1:rgb(130, 36, 227);                                                                            --overlay-bg-color2:rgba(131, 3, 3, 0.92);                                            \">\n                        <div class=\"overlay\"><\/div>\n                        <div class=\"ct-div-block my-auto lg-centered p-page max-w-5xl hero-slide-text-wrapper\">\n                                                                                                <h2 class=\"ct-headline text-8xl sm-text-7xl font-semibold mb-6\" style=\"color: #FFFFFF;\">\n                                        DJ N\u00e0tura                                    <\/h2>\n                                                                                                                        <div class=\"ct-text-block color-white mb-6\"><p>DJ N\u00e0tura estrena un nou remix del tema 'Femme Fatale' de Santa Salut, un dels temes del nou projecte que, a poc a poc, anir\u00e0 veient la llum on revisita temes de l'escena urbana catalana.<\/p>\n<\/div>\n                                                                                    <a aria-label=\"\t                            Artista DJ Natura                                \" id=\"link_text-10-93\" class=\"ct-link-text button-m\" href=\"https:\/\/bonitosound.com\/ca\/artista\/dj-natura\/\" style=\"\n                                                                    background:#FDB62C;;                                                                                                    color:#8b0202;                                                            \" target=\"_self\">Descobreix<\/a>\n                                                    <\/div>\n                    <\/div>\n                                    <div class=\"ct-div-block swiper-slide w-full h-full hero-bg-position\" style=\"background-image: url(https:\/\/bonitosound.com\/wp-content\/uploads\/2024\/08\/eva_calyza_bonito_sound_slider.jpg); background-size: cover; background-repeat: no-repeat;\n                                                    --overlay-bg-color1:rgba(30, 115, 190, 0.37);                                                                            --overlay-bg-color2:rgb(30, 115, 190);                                            \">\n                        <div class=\"overlay\"><\/div>\n                        <div class=\"ct-div-block my-auto lg-centered p-page max-w-5xl hero-slide-text-wrapper\">\n                                                                                                <h2 class=\"ct-headline text-8xl sm-text-7xl font-semibold mb-6\" style=\"color: #FFFFFF;\">\n                                        Eva Calyza entra a la fam\u00edlia!                                    <\/h2>\n                                                                                                                        <div class=\"ct-text-block color-white mb-6\"><p class=\"p1\">Des de Madrid ens arriba el seu pop alternatiu, amb sons propis d'altres g\u00e8neres com la m\u00fasica tradicional andalusa, el R&amp;B contemporani o tocs m\u00e9s electr\u00f2nics. I a partir d'ara entra a l'oficina de Bonito Sound!<\/p>\n<\/div>\n                                                                                    <a aria-label=\"\t                            Artista Eva Calyza                                \" id=\"link_text-10-93\" class=\"ct-link-text button-m\" href=\"https:\/\/bonitosound.com\/ca\/artista\/eva-calyza\/\" style=\"\n                                                                    background:#ffffff;                                                                                                    color:#516adb;                                                            \" target=\"_self\">Descobreix<\/a>\n                                                    <\/div>\n                    <\/div>\n                                    <div class=\"ct-div-block swiper-slide w-full h-full hero-bg-position\" style=\"background-image: url(https:\/\/bonitosound.com\/wp-content\/uploads\/2024\/08\/Diseno-sin-titulo-10.jpg); background-size: cover; background-repeat: no-repeat;\n                                                    --overlay-bg-color1:rgba(0, 0, 0, 0);                                                                            --overlay-bg-color2:rgb(30, 115, 190);                                            \">\n                        <div class=\"overlay\"><\/div>\n                        <div class=\"ct-div-block my-auto lg-centered p-page max-w-5xl hero-slide-text-wrapper\">\n                                                                                                <h2 class=\"ct-headline text-8xl sm-text-7xl font-semibold mb-6\" style=\"color: #FFFFFF;\">\n                                        &quot;Algo Que Debe Estar Roto&quot;                                    <\/h2>\n                                                                                                                        <div class=\"ct-text-block color-white mb-6\"><p>Fabi\u00e1n D.Cuesta est\u00e0 desvetllant algunes de les sorpreses que estaven lligades a la prevenda del llibre 'Algo que debe estar roto', versions ac\u00fastiques i rareses no publicades dels seus m\u00e9s de 16 anys de carrera. Aquesta vegada estrena una novetat, del mateix t\u00edtol que el llibre, compartint veus amb els seus imprescindibles Juan Marigorta i Alfredo Gonz\u00e1lez.<\/p>\n<\/div>\n                                                                                    <a aria-label=\"\t                            Llegeix sobre &#039;Algo que debe estar roto&#039; de Fabi\u00e1n D. Cuesta                                \" id=\"link_text-10-93\" class=\"ct-link-text button-m\" href=\"https:\/\/bonitosound.com\/ca\/algo-que-debe-estar-roto-nueva-sorpresa-de-fabian-d-cuesta\/\" style=\"\n                                                                    background:#ffffff;                                                                                                    color:#1e73be;                                                            \" target=\"_self\">Descobreix<\/a>\n                                                    <\/div>\n                    <\/div>\n                                    <div class=\"ct-div-block swiper-slide w-full h-full hero-bg-position\" style=\"background-image: url(https:\/\/bonitosound.com\/wp-content\/uploads\/2024\/08\/Diseno-sin-titulo-11.jpg); background-size: cover; background-repeat: no-repeat;\n                                                    --overlay-bg-color1:rgba(0, 0, 0, 0);                                                                            --overlay-bg-color2:rgba(131, 3, 3, 0.92);                                            \">\n                        <div class=\"overlay\"><\/div>\n                        <div class=\"ct-div-block my-auto lg-centered p-page max-w-5xl hero-slide-text-wrapper\">\n                                                                                                <h2 class=\"ct-headline text-8xl sm-text-7xl font-semibold mb-6\" style=\"color: #000000;\">\n                                        &quot;Papallones a l&#039;hivern&quot;                                    <\/h2>\n                                                                                                                        <div class=\"ct-text-block color-white mb-6\"><p><span style=\"color: #000000;\">Paula Pi\u00f1ero i Sandra Carvajal editen amb Bonito \"Papallones a l'hivern\", una preciosa can\u00e7\u00f3 que ja forma part de les llistes d'IndieCat<\/span><\/p>\n<\/div>\n                                                                                    <a aria-label=\"\t                            &quot;Papallones a l&#039;hivern&quot; a YouTube                                \" id=\"link_text-10-93\" class=\"ct-link-text button-m\" href=\"https:\/\/youtu.be\/iEta1inPjzw?si=g_TdRpXWSZFSy0v6\" style=\"\n                                                                    background:#ffffff;                                                                                                    color:#000000;                                                            \" target=\"_self\">DESCOBREIX<\/a>\n                                                    <\/div>\n                    <\/div>\n                                        <\/div>\n            <div class=\"swiper-pagination\"><\/div>\n        <\/div>\n    <\/div>\n<\/section>\n\n\n\n<section id=\"section-2-114\" class=\" ct-section centered\" ><div class=\"ct-section-inner-wrap\"><h2 id=\"headline-101-114\" class=\"ct-headline uppercase color-white mx-auto mb-14 text-6xl font-bold\">Agenda<\/h2><div id=\"_dynamic_list-3-114\" class=\"oxy-dynamic-list mb-14\"><div id=\"div_block-4-114-1\" class=\"ct-div-block gap-4 flex horizontal mb-4 custom-border\" data-id=\"div_block-4-114\"><div id=\"div_block-7-114-1\" class=\"ct-div-block centered self-stretch w-full p-2 md-w-full\" data-id=\"div_block-7-114\">  <div class=\"ct-text-block color-white font-semibold text-xl\" data-id=\"text_block-26-114\">\n    01\/06    \n  <\/div>\t\n<\/div><div id=\"div_block-90-114-1\" class=\"ct-div-block w-full px-5 content-between flex horizontal p-2 gap-4 centered\" data-id=\"div_block-90-114\"><div id=\"text_block-91-114-1\" class=\"ct-text-block color-white font-semibold text-xl\" data-id=\"text_block-91-114\"><span id=\"span-111-114\" class=\"ct-span\" ><\/span><\/div><div id=\"text_block-114-114-1\" class=\"ct-text-block color-white font-semibold text-xl\" data-id=\"text_block-114-114\"><span id=\"span-115-114\" class=\"ct-span\" ><\/span><\/div><\/div><div id=\"div_block-17-114-1\" class=\"ct-div-block self-stretch centered btn-transparent px-4 p-2\" data-id=\"div_block-17-114\"><div id=\"text_block-44-114-1\" class=\"ct-text-block color-white font-semibold mx-auto text-xl\" data-id=\"text_block-44-114\"><span id=\"span-178-114\" class=\"ct-span\" ><\/span><\/div><\/div><div id=\"code_block-129-114-1\" class=\"ct-code-block\" data-id=\"code_block-129-114\"><\/div><\/div>                    \n                                            \n                                        \n                    <\/div>\n<a id=\"link_button-221-114\" class=\"ct-link-button btn-transparent mx-auto\" href=\"https:\/\/bonitosound.com\/ca\/agenda\/\"    aria-label=\"Agenda de Bonito Sound\">Veure l'agenda<\/a><\/div><\/section>\n\n<section id=\"section-2-167\" class=\" ct-section\" ><div class=\"ct-section-inner-wrap\"><div id=\"div_block-3-167\" class=\"ct-div-block mb-6\" ><h2 id=\"_rich_text-51-167\" class=\"oxy-rich-text font-bold color-primary\" >#SONA<span style=\"color:var(--dark-color);\">BONITO<\/span><\/h2><div id=\"text_block-9-167\" class=\"ct-text-block text-xl color-paragraph mb-6\" >Bonito Sound apareix per aportar a l'escena musical una plataforma sense etiquetes i diversa, compromesa amb descobrir i recolzar artistes amb un enfocament distintiu i un potencial creatiu excepcional.\nBusquem veus aut\u00e8ntiques, propostes innovadores i una passi\u00f3 palpable per la m\u00fasica.\nT'aportem les eines que necessites:<\/div><\/div><div id=\"div_block-43-167\" class=\"ct-div-block w-full gap-6\" ><div id=\"div_block-17-167\" class=\"ct-div-block w-full gap-8 mb-6\" ><div id=\"div_block-18-167\" class=\"ct-div-block w-full py-2\" ><h3 id=\"headline-19-167\" class=\"ct-headline color-primary text-3xl font-semibold\">SEGELL DISCOGR\u00c0FIC<\/h3><div id=\"text_block-21-167\" class=\"ct-text-block color-black\" >Donem sortida a projectes musicals innovadors i de qualitat<\/div><\/div><div id=\"div_block-23-167\" class=\"ct-div-block w-full py-2\" ><h3 id=\"headline-24-167\" class=\"ct-headline color-primary text-3xl font-semibold\">EDITORIAL<\/h3><div id=\"text_block-25-167\" class=\"ct-text-block color-black\" >Presentar i protegir els drets dels nostres artistes<\/div><\/div><div id=\"div_block-26-167\" class=\"ct-div-block w-full py-2\" ><h3 id=\"headline-27-167\" class=\"ct-headline color-primary text-3xl font-semibold\">GIRES \/ CONCERTS \/ BOOKING<\/h3><div id=\"text_block-28-167\" class=\"ct-text-block color-black\" >Pla estrat\u00e8gic, contractaci\u00f3, producci\u00f3, gesti\u00f3<\/div><\/div><div id=\"div_block-29-167\" class=\"ct-div-block w-full py-2\" ><h3 id=\"headline-30-167\" class=\"ct-headline color-primary text-3xl font-semibold\">MANAGEMENT<\/h3><div id=\"text_block-31-167\" class=\"ct-text-block color-black\" >Acompanyem i assessorem en el desenvolupament art\u00edstic<br><\/div><\/div><div id=\"div_block-32-167\" class=\"ct-div-block w-full py-2\" ><h3 id=\"headline-33-167\" class=\"ct-headline color-primary text-3xl font-semibold\">PRODUCCIONS<\/h3><div id=\"text_block-34-167\" class=\"ct-text-block color-black\" >Oferim servei per tot tipus d'esdeveniments<\/div><\/div><\/div><a id=\"link_button-52-167\" class=\"ct-link-button btn-hover\" href=\"https:\/\/bonitosound.com\/ca\/produccions\/\"    aria-label=\"Ir a la p\u00e1gina de producciones de Bonito Sound\">Nosaltres<\/a><\/div><\/div><\/section>\n\n\n<section id=\"spotify\" class=\" ct-section\"><div class=\"ct-section-inner-wrap\"><iframe style=\"border-radius:12px\" src=\"https:\/\/open.spotify.com\/embed\/playlist\/2lxa6r7k0dthpANWR9wRWs?utm_source=generator\" width=\"100%\" height=\"560px\" frameborder=\"0\" allowfullscreen=\"\" allow=\"autoplay; clipboard-write; encrypted-media; fullscreen; picture-in-picture\" loading=\"lazy\"><\/iframe><\/div> <\/section>\n\n\n<section  class=\" ct-section bg-dark\">\n    <div class=\"ct-section-inner-wrap\">\n                    <h2 id=\"headline-78-375\" class=\"ct-headline font-bold text-9xl color-white uppercase sm-text-7xl mb-12\">\n                Artistes            <\/h2>\n                            <div class=\"oxy-dynamic-list grid gap-6 lg-grid-cols-2 sm-grid-cols-1 xl-grid-cols-3 mb-12 grid-cols-4\">\n                \n                <div  class=\"ct-div-block\" >\n                    <a aria-label=\"FABI\u00c1N D.CUESTA\" class=\"ct-link text-left\" href=\"https:\/\/bonitosound.com\/ca\/artista\/fabian-d-cuesta\/\" target=\"_self\">\n                        <img loading=\"lazy\" decoding=\"async\" width=\"1000\" height=\"1000\" src=\"https:\/\/bonitosound.com\/wp-content\/uploads\/2024\/04\/FABIAN_D_CUESTA_\u00a9Juan_Marigorta.jpg\" class=\"ct-image artist-card-image object-cover w-full h-auto mb-6 wp-post-image\" alt=\"Retrato em preto e branco de Fabi\u00e1n Diez Cuesta, m\u00fasico independente de Le\u00f3n, usando \u00f3culos, barba curta e cabelo penteado para tr\u00e1s. Ele veste uma camisa jeans com colares pendurados no pesco\u00e7o, posando de perfil com um leve sorriso.\" srcset=\"https:\/\/bonitosound.com\/wp-content\/uploads\/2024\/04\/FABIAN_D_CUESTA_\u00a9Juan_Marigorta.jpg 1000w, https:\/\/bonitosound.com\/wp-content\/uploads\/2024\/04\/FABIAN_D_CUESTA_\u00a9Juan_Marigorta-300x300.jpg 300w, https:\/\/bonitosound.com\/wp-content\/uploads\/2024\/04\/FABIAN_D_CUESTA_\u00a9Juan_Marigorta-150x150.jpg 150w, https:\/\/bonitosound.com\/wp-content\/uploads\/2024\/04\/FABIAN_D_CUESTA_\u00a9Juan_Marigorta-768x768.jpg 768w\" sizes=\"auto, (max-width: 1000px) 100vw, 1000px\" \/>                   \n                    <div  class=\"ct-text-block color-white text-2xl mb-2 uppercase font-medium w-full\">\n                        FABI\u00c1N D.CUESTA                    <\/div>\n                    <\/a>\n                                            \n                    \n                    <a aria-label=\"FABI\u00c1N D.CUESTA\" class=\"ct-link horizontal gap-4 color-tertiary mt-auto font-medium\" href=\"https:\/\/bonitosound.com\/ca\/artista\/fabian-d-cuesta\/\" target=\"_self\">\n                        <div class=\"ct-text-block\" >Coneix<\/div>\n                        <div class=\"ct-fancy-icon icon-lg-tertiary\" data-id=\"fancy_icon-58-375\">\n                          <img decoding=\"async\" src=\"https:\/\/bonitosound.com\/wp-content\/uploads\/2024\/09\/ph_arrow-right.svg\" alt=\"\" srcset=\"\"><\/div>\n                    <\/a>\n                                    <\/div>\n\n                \n                <div  class=\"ct-div-block\" >\n                    <a aria-label=\"KANELA\" class=\"ct-link text-left\" href=\"https:\/\/bonitosound.com\/ca\/artista\/kanela\/\" target=\"_self\">\n                        <img loading=\"lazy\" decoding=\"async\" width=\"2048\" height=\"2048\" src=\"https:\/\/bonitosound.com\/wp-content\/uploads\/2024\/07\/Kanela_1.jpg\" class=\"ct-image artist-card-image object-cover w-full h-auto mb-6 wp-post-image\" alt=\"Imagem de Kanela, artista de m\u00fasica urbana com origem chilena-sueca, posando em um ambiente com ilumina\u00e7\u00e3o em tons de roxo e azul. Ela usa trancinhas longas, um top preto e cal\u00e7as camufladas. Ao fundo, h\u00e1 um s\u00edmbolo de planeta iluminado em n\u00e9on, refletindo o estilo moderno e urbano da artista.\" srcset=\"https:\/\/bonitosound.com\/wp-content\/uploads\/2024\/07\/Kanela_1.jpg 2048w, https:\/\/bonitosound.com\/wp-content\/uploads\/2024\/07\/Kanela_1-300x300.jpg 300w, https:\/\/bonitosound.com\/wp-content\/uploads\/2024\/07\/Kanela_1-1024x1024.jpg 1024w, https:\/\/bonitosound.com\/wp-content\/uploads\/2024\/07\/Kanela_1-150x150.jpg 150w, https:\/\/bonitosound.com\/wp-content\/uploads\/2024\/07\/Kanela_1-768x768.jpg 768w, https:\/\/bonitosound.com\/wp-content\/uploads\/2024\/07\/Kanela_1-1536x1536.jpg 1536w\" sizes=\"auto, (max-width: 2048px) 100vw, 2048px\" \/>                   \n                    <div  class=\"ct-text-block color-white text-2xl mb-2 uppercase font-medium w-full\">\n                        KANELA                    <\/div>\n                    <\/a>\n                                            \n                    \n                    <a aria-label=\"KANELA\" class=\"ct-link horizontal gap-4 color-tertiary mt-auto font-medium\" href=\"https:\/\/bonitosound.com\/ca\/artista\/kanela\/\" target=\"_self\">\n                        <div class=\"ct-text-block\" >Coneix<\/div>\n                        <div class=\"ct-fancy-icon icon-lg-tertiary\" data-id=\"fancy_icon-58-375\">\n                          <img decoding=\"async\" src=\"https:\/\/bonitosound.com\/wp-content\/uploads\/2024\/09\/ph_arrow-right.svg\" alt=\"\" srcset=\"\"><\/div>\n                    <\/a>\n                                    <\/div>\n\n                \n                <div  class=\"ct-div-block\" >\n                    <a aria-label=\"PAULA PI\u00d1ERO\" class=\"ct-link text-left\" href=\"https:\/\/bonitosound.com\/ca\/artista\/paula-pinero\/\" target=\"_self\">\n                        <img loading=\"lazy\" decoding=\"async\" width=\"932\" height=\"1400\" src=\"https:\/\/bonitosound.com\/wp-content\/uploads\/2024\/07\/Captura-de-Pantalla-2024-07-31-a-las-0.46.18.png\" class=\"ct-image artist-card-image object-cover w-full h-auto mb-6 wp-post-image\" alt=\"Fotografia art\u00edstica de Paula Pi\u00f1ero, cantora pop, deitada junto a outra pessoa em um fundo branco. Ambas est\u00e3o usando roupas brancas e t\u00eam tatuagens vis\u00edveis em seus bra\u00e7os. A imagem transmite uma sensa\u00e7\u00e3o de serenidade e intimidade, com a cabe\u00e7a das duas tocando suavemente.\" srcset=\"https:\/\/bonitosound.com\/wp-content\/uploads\/2024\/07\/Captura-de-Pantalla-2024-07-31-a-las-0.46.18.png 932w, https:\/\/bonitosound.com\/wp-content\/uploads\/2024\/07\/Captura-de-Pantalla-2024-07-31-a-las-0.46.18-200x300.png 200w, https:\/\/bonitosound.com\/wp-content\/uploads\/2024\/07\/Captura-de-Pantalla-2024-07-31-a-las-0.46.18-682x1024.png 682w, https:\/\/bonitosound.com\/wp-content\/uploads\/2024\/07\/Captura-de-Pantalla-2024-07-31-a-las-0.46.18-768x1154.png 768w\" sizes=\"auto, (max-width: 932px) 100vw, 932px\" \/>                   \n                    <div  class=\"ct-text-block color-white text-2xl mb-2 uppercase font-medium w-full\">\n                        PAULA PI\u00d1ERO                    <\/div>\n                    <\/a>\n                                            \n                    \n                    <a aria-label=\"PAULA PI\u00d1ERO\" class=\"ct-link horizontal gap-4 color-tertiary mt-auto font-medium\" href=\"https:\/\/bonitosound.com\/ca\/artista\/paula-pinero\/\" target=\"_self\">\n                        <div class=\"ct-text-block\" >Coneix<\/div>\n                        <div class=\"ct-fancy-icon icon-lg-tertiary\" data-id=\"fancy_icon-58-375\">\n                          <img decoding=\"async\" src=\"https:\/\/bonitosound.com\/wp-content\/uploads\/2024\/09\/ph_arrow-right.svg\" alt=\"\" srcset=\"\"><\/div>\n                    <\/a>\n                                    <\/div>\n\n                            <\/div>\n                                    <a aria-label=\"\t            Veure roster            \" class=\"ct-link-button btn-hover mx-auto\" href=\"https:\/\/bonitosound.com\/ca\/artistas\/\" target=\"_self\">Veure roster<\/a>\n            <\/div>\n<\/section>\n\n\n<section id=\"section-3-169\" class=\" ct-section \" ><div class=\"ct-section-inner-wrap\"><div id=\"div_block-4-169\" class=\"ct-div-block md-w-full mb-12 gap-8 w-5by6 lg-w-full\" ><h2 id=\"headline-36-169\" class=\"ct-headline text-9xl uppercase color-primary sm-text-7xl\">Not\u00cdCies<\/h2><div id=\"text_block-40-169\" class=\"ct-text-block font-medium text-2xl color-black\" ><br><\/div><\/div><div id=\"_dynamic_list-7-169\" class=\"oxy-dynamic-list mb-4 mb-10\"><div id=\"div_block-8-169-1\" class=\"ct-div-block gap-4\" data-id=\"div_block-8-169\"><a id=\"link-9-169-1\" class=\"ct-link rounded-xl w-full\" href=\"https:\/\/bonitosound.com\/ca\/arriba-jaleo-sound-el-festival-que-et-fara-sentir-com-a-casa\/\" target=\"_self\" aria-label=\"Estem molt emocionats d&rsquo;anunciar que Jaleo Sound ja &eacute;s una realitat. Donem la benvinguda al festival que portar&agrave; la cultura espanyola i llatina al cor d&rsquo;&Agrave;msterdam. Despr&eacute;s de mesos de feina, finalment hem fet p&uacute;blic aquest projecte a les nostres xarxes socials &mdash;i no podem estar m&eacute;s contents! Jaleo Sound ser&agrave; un cap de setmana [&hellip;]\" data-id=\"link-9-169\"><img decoding=\"async\" id=\"image-10-169-1\" alt=\"\" src=\"https:\/\/bonitosound.com\/wp-content\/uploads\/2025\/04\/Group-367-1.png\" class=\"ct-image w-full\" data-id=\"image-10-169\"><\/a><div id=\"text_block-19-169-1\" class=\"ct-text-block text-2xl font-medium color-black\" data-id=\"text_block-19-169\"><span id=\"span-20-169\" class=\"ct-span\" >Arriba Jaleo Sound, el festival que et far\u00e0 sentir com a casa!<\/span><\/div><a id=\"link-112-169-1\" class=\"ct-link arrow-bt mt-auto\" href=\"https:\/\/bonitosound.com\/ca\/arriba-jaleo-sound-el-festival-que-et-fara-sentir-com-a-casa\/\" aria-label=\"Arriba Jaleo Sound, el festival que et far&agrave; sentir com a casa!\" data-id=\"link-112-169\"><div id=\"text_block-113-169-1\" class=\"ct-text-block mr-4 font-medium text-2xl color-primary\" data-id=\"text_block-113-169\">Llegir m\u00e9s<\/div><img decoding=\"async\" id=\"image-114-169-1\" alt=\"\" src=\"https:\/\/bonitosound.com\/wp-content\/uploads\/2024\/04\/Vector-1.svg\" class=\"ct-image my-auto anim-arrow\" data-id=\"image-114-169\"><div id=\"code_block-115-169-1\" class=\"ct-code-block\" data-id=\"code_block-115-169\"><\/div><\/a><\/div><div id=\"div_block-8-169-2\" class=\"ct-div-block gap-4\" data-id=\"div_block-8-169\"><a id=\"link-9-169-2\" class=\"ct-link rounded-xl w-full\" href=\"https:\/\/bonitosound.com\/ca\/hechodnacar-un-viatge-emocional-que-arriba-al-seu-final\/\" target=\"_self\" aria-label=\"Despr&eacute;s d&rsquo;avan&ccedil;ar-nos temes com &ldquo;TODO BIEN (?)&rdquo;, avui es publica &ldquo;SAUDADE \/ LUZADENTRO&rdquo;, una can&ccedil;&oacute; doble que tanca i dona sentit a tot l&rsquo;EP. Amb aquest &uacute;ltim tema, el viatge emocional de HECHODN&Aacute;CAR arriba al seu final. SAUDADE ens convida a tornar a les arrels, als records i a tot all&ograve; que ens ha constru&iuml;t. [&hellip;]\" data-id=\"link-9-169\"><img decoding=\"async\" id=\"image-10-169-2\" alt=\"\" src=\"https:\/\/bonitosound.com\/wp-content\/uploads\/2025\/04\/BANNER-VEVO-1-scaled.jpg\" class=\"ct-image w-full\" data-id=\"image-10-169\"><\/a><div id=\"text_block-19-169-2\" class=\"ct-text-block text-2xl font-medium color-black\" data-id=\"text_block-19-169\"><span id=\"span-20-169\" class=\"ct-span\" >\u201cHECHODN\u00c1CAR\u201d: Un viatge emocional que arriba al seu final<\/span><\/div><a id=\"link-112-169-2\" class=\"ct-link arrow-bt mt-auto\" href=\"https:\/\/bonitosound.com\/ca\/hechodnacar-un-viatge-emocional-que-arriba-al-seu-final\/\" aria-label=\"&ldquo;HECHODN&Aacute;CAR&rdquo;: Un viatge emocional que arriba al seu final\" data-id=\"link-112-169\"><div id=\"text_block-113-169-2\" class=\"ct-text-block mr-4 font-medium text-2xl color-primary\" data-id=\"text_block-113-169\">Llegir m\u00e9s<\/div><img decoding=\"async\" id=\"image-114-169-2\" alt=\"\" src=\"https:\/\/bonitosound.com\/wp-content\/uploads\/2024\/04\/Vector-1.svg\" class=\"ct-image my-auto anim-arrow\" data-id=\"image-114-169\"><div id=\"code_block-115-169-2\" class=\"ct-code-block\" data-id=\"code_block-115-169\"><\/div><\/a><\/div><div id=\"div_block-8-169-3\" class=\"ct-div-block gap-4\" data-id=\"div_block-8-169\"><a id=\"link-9-169-3\" class=\"ct-link rounded-xl w-full\" href=\"https:\/\/bonitosound.com\/ca\/noves-dates-de-la-pianista-laura-andres\/\" target=\"_self\" aria-label=\"Al llarg dels seg&uuml;ents mesos la pianista catalana Laura Andr&eacute;s estar&agrave; realitzant concerts per diferents localitats tant dins com de fora de Catalunya. Com a ag&egrave;ncia de booking, estem constantment actius per poder fer arribar la seva sensibilitat musical a diferents ciutats del pa&iacute;s. No us perdeu els seus pr&ograve;xims concerts! &nbsp;Aquest diumenge 23 de [&hellip;]\" data-id=\"link-9-169\"><img decoding=\"async\" id=\"image-10-169-3\" alt=\"\" src=\"https:\/\/bonitosound.com\/wp-content\/uploads\/2025\/03\/Concerts-Laura-.png\" class=\"ct-image w-full\" data-id=\"image-10-169\"><\/a><div id=\"text_block-19-169-3\" class=\"ct-text-block text-2xl font-medium color-black\" data-id=\"text_block-19-169\"><span id=\"span-20-169\" class=\"ct-span\" >Noves dates de la pianista Laura Andr\u00e9s<\/span><\/div><a id=\"link-112-169-3\" class=\"ct-link arrow-bt mt-auto\" href=\"https:\/\/bonitosound.com\/ca\/noves-dates-de-la-pianista-laura-andres\/\" aria-label=\"Noves dates de la pianista Laura Andr&eacute;s\" data-id=\"link-112-169\"><div id=\"text_block-113-169-3\" class=\"ct-text-block mr-4 font-medium text-2xl color-primary\" data-id=\"text_block-113-169\">Llegir m\u00e9s<\/div><img decoding=\"async\" id=\"image-114-169-3\" alt=\"\" src=\"https:\/\/bonitosound.com\/wp-content\/uploads\/2024\/04\/Vector-1.svg\" class=\"ct-image my-auto anim-arrow\" data-id=\"image-114-169\"><div id=\"code_block-115-169-3\" class=\"ct-code-block\" data-id=\"code_block-115-169\"><\/div><\/a><\/div>                    \n                                            \n                                        \n                    <\/div>\n<div id=\"div_block-21-169\" class=\"ct-div-block mx-auto anim-btn-fade-bot\" ><a id=\"link_button-130-169\" class=\"ct-link-button btn-hover font-medium mx-auto text-base capitalize\" href=\"https:\/\/bonitosound.com\/ca\/noticias\/\"    aria-label=\"Ir a la secci\u00f3n de Noticias\">Veure Totes <\/a><\/div><\/div><\/section>","protected":false},"excerpt":{"rendered":"","protected":false},"author":2,"featured_media":1350,"parent":0,"menu_order":0,"comment_status":"closed","ping_status":"closed","template":"","meta":{"_acf_changed":false,"footnotes":""},"class_list":["post-517","page","type-page","status-publish","has-post-thumbnail","hentry"],"acf":[],"_links":{"self":[{"href":"https:\/\/bonitosound.com\/ca\/wp-json\/wp\/v2\/pages\/517","targetHints":{"allow":["GET"]}}],"collection":[{"href":"https:\/\/bonitosound.com\/ca\/wp-json\/wp\/v2\/pages"}],"about":[{"href":"https:\/\/bonitosound.com\/ca\/wp-json\/wp\/v2\/types\/page"}],"author":[{"embeddable":true,"href":"https:\/\/bonitosound.com\/ca\/wp-json\/wp\/v2\/users\/2"}],"replies":[{"embeddable":true,"href":"https:\/\/bonitosound.com\/ca\/wp-json\/wp\/v2\/comments?post=517"}],"version-history":[{"count":27,"href":"https:\/\/bonitosound.com\/ca\/wp-json\/wp\/v2\/pages\/517\/revisions"}],"predecessor-version":[{"id":1363,"href":"https:\/\/bonitosound.com\/ca\/wp-json\/wp\/v2\/pages\/517\/revisions\/1363"}],"wp:featuredmedia":[{"embeddable":true,"href":"https:\/\/bonitosound.com\/ca\/wp-json\/wp\/v2\/media\/1350"}],"wp:attachment":[{"href":"https:\/\/bonitosound.com\/ca\/wp-json\/wp\/v2\/media?parent=517"}],"curies":[{"name":"wp","href":"https:\/\/api.w.org\/{rel}","templated":true}]}}